{"id":48,"date":"2015-09-07T10:28:21","date_gmt":"2015-09-07T10:28:21","guid":{"rendered":"http:\/\/www.acsurgay.hu\/?page_id=48"},"modified":"2019-10-24T05:26:29","modified_gmt":"2019-10-24T03:26:29","slug":"helytortenet","status":"publish","type":"page","link":"https:\/\/www.acsurgay.hu\/en\/helytortenet\/","title":{"rendered":"HELYT\u00d6RT\u00c9NET"},"content":{"rendered":"<div class=\"content-head\">\n<div class=\"content-head-m png\">\n<div class=\"content-head-l png\">\n<div class=\"content-head-r png\">\n<p class=\"contentheading\">A mai Bajcsy-Zsilinszky \u00fat \u201eel\u0151dje\u201d\u00a0<strong>1700-ban<\/strong>\u00a0ny\u00edlt meg,\u00a0<strong>Waitzner-Strasse (V\u00e1ci \u00fat) <\/strong>n\u00e9ven. A R\u00e9vay utca \u00e9s a Nyugati t\u00e9r k\u00f6z\u00f6tti szakaszon\u00a0<strong>Orsz\u00e1g\u00fat<\/strong>\u00a0megnevez\u00e9sre hallgatott. Az\u00a0<strong>1850-es \u00e9vekben<\/strong>\u00a0a Szent Istv\u00e1n t\u00e9r \u00e9s a De\u00e1k Ferenc t\u00e9r k\u00f6z\u00f6tt, b\u00e9csi mint\u00e1ra\u00a0<strong>Kohl Markt, azaz K\u00e1poszta piack\u00e9nt<\/strong>\u00a0volt ismert (A Kohlmarkt egyebekben ma is B\u00e9cs egyik legeleg\u00e1nsabb s\u00e9t\u00e1l\u00f3utc\u00e1ja.), m\u00edg\u00a0<strong>1879-t\u0151l<\/strong>\u00a0k\u00e9t r\u00e9szre osztott\u00e1k \u00e9s a Berlini t\u00e9ren t\u00fali r\u00e9szt\u00a0<strong>V\u00e1ci \u00fatra<\/strong>, m\u00edg a Berlini t\u00e9rt\u0151l d\u00e9lre\u00a0<strong>V\u00e1ci k\u00f6r\u00fatra<\/strong>keresztelt\u00e9k, az akkor kialak\u00edt\u00e1sra ker\u00fcl\u0151 Kisk\u00f6r\u00fat folytat\u00e1sak\u00e9nt.<\/p>\n<\/div>\n<\/div>\n<\/div>\n<\/div>\n<p align=\"justify\">Thewrewk Istv\u00e1n a Mosolyg\u00f3 Kisasszonyok c\u00edm\u0171 k\u00f6nyv\u00e9ben (1886) is tal\u00e1lkozhatunk a korabeli elnevez\u00e9ssel:<\/p>\n<blockquote>\n<p align=\"justify\">\u00a0\u201e- Tan\u00edt\u00f3 \u00far, maga itt?<br \/>\n\u2013 Igen, nagys\u00e1ga k\u00e9rem. Hiszen tegnap kik\u00e9rtem, hogy m a eg\u00e9sz nap szabad lehessek. Rokonaim\u2026 igen, rokonaim \u00e9rkeztek. Itt v\u00e1rom \u0151ket.<br \/>\n\u2013 J\u00f3 mulat\u00e1st! De tudja, punkt nyolckor otthon kell lenni! Mert sok\u00e1 kimaradni \u2014 das geht nicht! A gyerekek m\u00e1r nagyon megszokt\u00e1k mag\u00e1t. Ni! Milyen f\u00e1jn van mag\u00e1n a szal\u00f3nkab\u00e1t! Maga fog csin\u00e1lni effekt! Rekomandirozza a rokonokat az enyim f\u00e9rjhez. Adresse \u2014 maga tudja! \u2014 J\u00e1kob Spitzer, Waitzner-Strasse numero vier. P\u00e1, tan\u00edt\u00f3 \u00far! Megyek oszod\u00e1ba!\u201d<\/p>\n<\/blockquote>\n<p align=\"justify\">Az\u00a0<strong>I. vil\u00e1gh\u00e1bor\u00fa kezdet\u00e9t\u0151l<\/strong>, apr\u00f3 megszak\u00edt\u00e1ssal (1919-1926 k\u00f6z\u00f6tt V\u00e1ci k\u00f6r\u00fat) eg\u00e9szen\u00a0<strong>1945-ig\u00a0<\/strong>III. Frigyes Vilmos porosz kir\u00e1ly, valamint Lujza mecklenburg-strelitzi hercegn\u0151 m\u00e1sodik gyermeke, a Hohenzollern dinasztia egyik legnagyobb uralkod\u00f3ja, az 1871-t\u0151l n\u00e9met cs\u00e1sz\u00e1rk\u00e9nt regn\u00e1l\u00f3 \u00e9s a kisn\u00e9met egys\u00e9g megteremt\u0151jek\u00e9nt ismertt\u00e9 v\u00e1lt I. Vilmos n\u00e9met cs\u00e1sz\u00e1r (1797 \u2013 1888) ut\u00e1n a\u00a0<strong>Vilmos cs\u00e1sz\u00e1r \u00fat<\/strong>\u00a0nevet viselte.<\/p>\n<p align=\"justify\">A nyugatosok idej\u00e9re \u00e9s a Vilmos cs\u00e1sz\u00e1r \u00fatra R\u00e9ti \u00d6d\u00f6n \u00edgy eml\u00e9kezett vissza.<\/p>\n<blockquote>\n<p align=\"justify\"><img decoding=\"async\" src=\"http:\/\/www.acsurgay.hu\/wp-content\/uploads\/2019\/10\/helytortenet1-acsurgay.jpg\" alt=\"Vilmos csaszar\" align=\"right\" border=\"0\" hspace=\"10\" vspace=\"5\" \/><\/p>\n<p align=\"justify\">\u201eBenn \u00fclt\u00fcnk a k\u00e1v\u00e9h\u00e1zban d\u00e9lel\u0151tt f\u00e9ltizenkett\u0151kor, \u00fagy gondolom Seemannak h\u00edvj\u00e1k azt a helyet. Osv\u00e1t, Gell\u00e9rt, k\u00e9s\u0151bb Karinthy is odaj\u00f6tt, de csakhamar t\u00e1vozott avval, hogy az \u0151 ideje dr\u00e1ga\u2026<br \/>\nSzegedr\u0151l besz\u00e9lgett\u00fcnk, Juh\u00e1sz Gyul\u00e1r\u00f3l, M\u00f3r\u00e1r\u00f3l, Tonellir\u0151l, azt\u00e1n a nagyv\u00e1radiakr\u00f3l szomor\u00faan. Tizenkett\u0151kor Osv\u00e1t, Gell\u00e9rttel felment a Nyugat szerkeszt\u0151s\u00e9g\u00e9be. Magam maradtam, de nem sok\u00e1ig, mert \u00fagysz\u00f3lv\u00e1n nyomban s\u0171r\u0171 engedelem k\u00e9r\u00e9ssel mell\u00e9m telepedett egy \u00far. Id\u0151s, kopasz, szomor\u00fa, szem\u00fcveg volt a szem\u00e9n, tan\u00e1ri \u00e1br\u00e1zat az arc\u00e1n.<br \/>\n\u2013 Ki volt az a k\u00e9t \u00far, aki elment?<br \/>\n\u2013 Az egyik Gell\u00e9rt \u2013 mondtam.<br \/>\n\u2013 A k\u00f6lt\u0151? Ismerem. Ah igen, ugye \u0151 \u00edrta az \u00c1d\u00e1mot?<br \/>\n\u2013 Igen, \u2013 feleltem s megszerettem a b\u00e1csit, mint ahogy r\u00e9g megszerettem az \u00c1d\u00e1mot.<br \/>\n\u2013 H\u00e1t az a m\u00e1sik, az a sz\u00edn\u00e9sz?<br \/>\n\u2013 Az: Osv\u00e1t Ern\u0151 volt, a Nyugat szerkeszt\u0151je.<br \/>\n\u2013 Ismerem: De szeretn\u00e9m egyszer a sz\u00ednpadon is l\u00e1tni, Hamletben, Learban, vagy egy\u00e9bben.<br \/>\n\u2013 Azokban nem j\u00e1tszik \u2013 mondtam, \u2013 Neki csak egy kedves szerepe van, a L\u00e1thatatlan Ember.<br \/>\n\u2013 Aki minden\u00fctt jelen van \u2013 f\u0171zte hozz\u00e1 elgondolkozva a b\u00e1csika.<br \/>\n\u2013 Igen, \u2013 feleltem \u2013 minden\u00fctt jelen van, ahol valakinek haszn\u00e1lhat s mag\u00e1nak \u00e1rthat.<br \/>\nFizettem \u00e9s b\u00facs\u00faztam.\u201d<br \/>\n<em>(R\u00e9ti \u00d6d\u00f6n: A Vilmos cs\u00e1sz\u00e1r-\u00faton \u2013 A k\u00e1v\u00e9h\u00e1zban)<\/em><\/p>\n<\/blockquote>\n<blockquote>\n<p align=\"justify\"><img decoding=\"async\" src=\"http:\/\/www.acsurgay.hu\/wp-content\/uploads\/2019\/10\/helytortenet2-acsurgay.jpg\" alt=\"Bajcsy-Zs.\" align=\"left\" border=\"0\" hspace=\"10\" vspace=\"5\" \/>\u201eA Fasoron ment\u00fcnk a villamoson. A Vilmos Cs\u00e1sz\u00e1r-\u00faton lesz\u00e1lltunk, \u0151 balra ment, \u00e9n jobbra. Vel\u00fcnk egy\u00fctt lesz\u00e1llt egy \u00fariember, megb\u00f6ki a v\u00e1llamat. \u2013 J\u00f3 napot! Ki volt az a pap, akivel besz\u00e9lgetett?<br \/>\nR\u00e1n\u00e9zek, l\u00e1tom, hogy egy r\u00e9gi, vid\u00e9ki ismer\u0151s\u00f6m.<br \/>\n\u2013 Az a pap Osv\u00e1t Ern\u0151, a Nyugat szerkeszt\u0151je.<br \/>\nKinyitotta a szem\u00e9t. \u2013 Osv\u00e1t? Ismerem.<br \/>\nVisszafordult s ut\u00e1na n\u00e9zett, \u00e9n is megfordultam, p\u00e1r pillanatig m\u00e9g l\u00e1ttuk fekete ruh\u00e1s, komoly alakj\u00e1t.<br \/>\n\u2013 Akkor m\u00e9gis pap \u2013 sz\u00f3lt az emberem, \u2013 a magyar irodalom felkent papja, apostol \u2013 tette hozz\u00e1 s szem\u00e9vel a szemembe intett.<br \/>\n\u2013 Nem apostol \u2013 feleltem, \u2013 az apostolok: akik k\u00f6r\u00e9je sereglettek \u2013 s felsoroltam egy csom\u00f3 nevet, a nyugat munkat\u00e1rsait, azt hiszem hirtelenj\u00e9ben t\u00edzen kett\u0151nek a neve jutott eszembe.<br \/>\nAz emberem mosolygott. \u2013 Sz\u00e9p dolog, de nem szeretn\u00e9k a b\u0151r\u00fckben lenni az apostolokat \u00fctni szokt\u00e1k s olajba f\u0151zni, r\u00e1 sem merek gondolni, mi v\u00e1r szeg\u00e9ny Osv\u00e1tra?\u201d<br \/>\n<em>(R\u00e9ti \u00d6d\u00f6n: A Vilmos cs\u00e1sz\u00e1r-\u00faton)<\/em><\/p>\n<\/blockquote>\n<p align=\"justify\">A Vilmos cs\u00e1sz\u00e1r \u00fattal sz\u00e1mos \u00e9rdekes cikkben, tanulm\u00e1nyban tal\u00e1lkozhatunk m\u00e9g. \u00cdme egy \u00e9rdekes \u00e9s szeml\u00e9ltet\u0151 p\u00e9lda Szenes B\u00e9la (1894\u20141927) (\u00edr\u00f3, \u00fajs\u00e1g\u00edr\u00f3, humorista, kabar\u00e9szerz\u0151) tolm\u00e1csol\u00e1s\u00e1ban, ahol azt magyar\u00e1zza, mi is az Einstein-f\u00e9le relativit\u00e1s:<\/p>\n<blockquote>\n<p align=\"justify\">AZ EGYIK (leteszi az \u00fajs\u00e1got): Na ebb\u0151l egy \u00e1rva sz\u00f3t sem \u00e9rthet az ember.<br \/>\nA M\u00c1SIK: Mib\u0151l?<br \/>\nAZ EGYIK: Ez az Einstein vagy hogyh\u00edvj\u00e1k-f\u00e9le iz\u00e9.<br \/>\nA M\u00c1SIK (f\u00f6l\u00e9nyesen): Hja, az Einstein-f\u00e9le relativit\u00e1s elm\u00e9lete? Nagyon \u00e9rdekes dolog.<br \/>\n[\u2026]<br \/>\nAZ EGYIK: A fene \u00e9rti.<br \/>\nA M\u00c1SIK: Pedig nagyon \u00e9rthet\u0151 cikk. (F\u00f6lveszi az \u00fajs\u00e1glapot.) Aszondja, hogy \u201caz id\u0151 \u00e9s t\u00e9r nem abszol\u00fat \u00e9rt\u00e9k\u0171 k\u00e9pzetek, hanem csak relat\u00edvak\u201d \u00e9s hogy \u201ck\u00e9t pont k\u00f6z\u00f6tt nem mindig az egyenes \u00fat a legr\u00f6videbb\u201d, de mindj\u00e1rt meg is magyar\u00e1zza, hogy mi\u00e9rt van \u00edgy, azt mondja, hogy \u201cmert F\u00f6ld\u00fcnk nem \u00e1ll helyben, hanem egyr\u00e9szt a saj\u00e1t tengelye k\u00f6r\u00fcli forg\u00e1s\u00e1t v\u00e9gzi, m\u00e1sr\u00e9szt pedig a Nap k\u00f6r\u00fcli p\u00e1ly\u00e1j\u00e1n is el\u0151re halad.\u201d Most m\u00e1r tetszik \u00e9rteni a dolgot?<br \/>\nAZ EGYIK (cs\u00f6k\u00f6ny\u00f6sen): Nem \u00e9n.<br \/>\nA M\u00c1SIK: Nem \u00e9rtem, hogy n\u00e9mely embernek olyan neh\u00e9z a felfog\u00e1sa.<br \/>\nAZ EGYIK: Ha uras\u00e1god tal\u00e1n volna olyan kedves \u00e9s megmagyar\u00e1zn\u00e1 a dolgot.<br \/>\nA M\u00c1SIK: K\u00e9rem. Nagyon sz\u00edvesen. Az egyik fontos t\u00e9tel, ugyeb\u00e1r, hogy az id\u0151 nem abszol\u00fat \u00e9rt\u00e9k\u0171 fogalom, hanem csak relat\u00edv \u00e9rt\u00e9k\u0171. Ezt, ugye, tetszik \u00e9rteni.<br \/>\nAZ EGYIK: Ezt? Ezt nem eg\u00e9szen.<br \/>\nA M\u00c1SIK: Majd hozok egy p\u00e9ld\u00e1t. Mondjuk, hogy \u00e9n az Andr\u00e1ssy-\u00fat egyik v\u00e9g\u00e9n\u00e9l \u00e1llok, a Vilmos cs\u00e1sz\u00e1r-\u00fatn\u00e1l. Tetszik ezt \u00e9rteni?<br \/>\nAZ EGYIK (moh\u00f3n): Hogyne.<br \/>\nA M\u00c1SIK: Kegyed pedig az Andr\u00e1ssy-\u00fat m\u00e1sik v\u00e9g\u00e9n \u00e1ll.<br \/>\nAZ EGYIK: A millenniumi szobor alatt.<br \/>\nA M\u00c1SIK: \u00dagy van. Na m\u00e1r most kegyed is el\u0151veszi az \u00f3r\u00e1j\u00e1t, \u00e9n is el\u0151veszem az \u00f3r\u00e1mat. Ezt tetszik \u00e9rteni?<br \/>\nAZ EGYIK (boldogan): Ezt igen.<br \/>\nA M\u00c1SIK (elismer\u0151en): Na l\u00e1tja. (Tov\u00e1bb magyar\u00e1z.) Na m\u00e1r most mind a ketten ugyanabban a pillanatban indulunk el, \u00e9n a Vilmos cs\u00e1sz\u00e1r-\u00fatr\u00f3l, kegyed a millenniumi eml\u00e9km\u0171t\u0151l. Pontosan f\u00e9l\u00faton tal\u00e1lkozunk \u00e9s pontosan egyszerre \u00e9rkez\u00fcnk meg, \u00e9n a ligetbe, kegyed a Vilmos cs\u00e1sz\u00e1r-\u00fatra. \u00c9s most megn\u00e9zz\u00fck az \u00f3r\u00e1nkat \u00e9s kider\u00fcl, hogy m\u00edg kegyed az \u00f3r\u00e1ja szerint 30 perc alatt tette meg az utat, \u00e9n az \u00e9n \u00f3r\u00e1m szerint 35 perc alatt tettem meg. Mit jelent ez?<br \/>\nAZ EGYIK: Mit?<br \/>\nA M\u00c1SIK: Jelenti azt, hogy az id\u0151 nem abszol\u00fat valami, vagyis, hogy m\u00edg az \u00e9n \u00f3r\u00e1m kiss\u00e9 k\u00e9sik, addig az \u00f6n\u00e9 siet. Vagy hogy egy m\u00e1sik p\u00e9ld\u00e1t hozzak. Eddig azt hitt\u00fck, hogy k\u00e9t pont k\u00f6z\u00f6tt a legr\u00f6videbb \u00fat az egyenes. Vagyis, ha kegyed innen az Emke-k\u00e1v\u00e9h\u00e1zb\u00f3l \u00dajpestre akar kijutni, leghamarabb akkor \u00e9r ki, ha egyenesen ebben az ir\u00e1nyban nekiv\u00e1g az \u00fatnak. \u00c9n ezzel szemben nem megyek ki egyenesen \u00dajpestre, hanem nagy ker\u00fcl\u0151vel a R\u00e1k\u00f3czi-\u00faton \u00e9s Vilmos cs\u00e1sz\u00e1r-\u00faton v\u00e9gig, \u00e9s mire kegyed a legr\u00f6videbb egyenes \u00faton kikutyagolt \u00dajpestre, \u00e9n m\u00e1r r\u00e9gen kint leszek, hogy lehet ez?<br \/>\nAZ EGYIK: Uras\u00e1god bizony\u00e1ra fel\u00fcl az 1-es \u00fajpesti villamosra.<br \/>\nA M\u00c1SIK (diadalmasan): Na l\u00e1tja! H\u00e1t most m\u00e1r csak \u00e9rti az Einstein-f\u00e9le relativit\u00e1si elm\u00e9letet.<br \/>\nAZ EGYIK: Most m\u00e1r \u00e9rtem.<br \/>\n<em>(Szenes B\u00e9la: Hogy is van az az Einstein-f\u00e9le relativit\u00e1s? \u2013 K\u00e1v\u00e9h\u00e1zi besz\u00e9lget\u00e9s)<\/em><\/p>\n<\/blockquote>\n<p align=\"justify\">Az I. vil\u00e1gh\u00e1bor\u00fat k\u00f6vet\u0151 n\u00e9vv\u00e1ltoztat\u00e1si ig\u00e9ny a II. vil\u00e1gh\u00e1bor\u00fa ut\u00e1n is term\u00e9szetszer\u0171en jelentkezett, \u00edgy\u00a0<strong>1945. \u00e1prilis 17. \u00f3ta Bajcsy-Zsilinszky Endre nev\u00e9t viseli a De\u00e1k teret, illetve a Nyugati teret \u00f6sszek\u00f6t\u0151 \u00fatszakasz<\/strong>.<\/p>\n<p align=\"justify\"><strong><img decoding=\"async\" src=\"http:\/\/www.acsurgay.hu\/wp-content\/uploads\/2019\/10\/helytortenet3-acsurgay.jpg\" alt=\"Bajcsy-Zsilinszky Endre\" align=\"right\" border=\"0\" hspace=\"10\" vspace=\"5\" \/>Bajcsy-Zsilinszky Endre K\u00e1lm\u00e1n<\/strong>\u00a0(1886 \u2013 1944) els\u0151sorban politikus \u00e9s \u00fajs\u00e1g\u00edr\u00f3 volt,\u00a0aki Id. dr. Zsilinszky Endre \u00e9s Vilim J\u00e1nos \u00fcgyv\u00e9d mostohal\u00e1nya, Bajcsy M\u00e1ria els\u0151 gyermeke. Szarvason sz\u00fcletett \u00e9s egy \u00e9ves volt, mikor csal\u00e1dja B\u00e9k\u00e9scsab\u00e1ra k\u00f6lt\u00f6z\u00f6tt.<br \/>\nJogot \u00e9s filoz\u00f3fi\u00e1t is tanult, majd 1910-t\u0151l egy \u00fcgyv\u00e9di irod\u00e1ban dolgozott \u00fcgyv\u00e9djel\u00f6ltk\u00e9nt. 1912-ben az \u00c1rva megyei f\u0151isp\u00e1ni hivatalba ment k\u00f6zigazgat\u00e1si gyakornoknak. Akt\u00edv r\u00e9szese volt az I. vil\u00e1gh\u00e1bor\u00faban, \u00edgy 2. cs\u00e1sz\u00e1ri \u00e9s kir\u00e1lyi lovashadoszt\u00e1ly k\u00f6tel\u00e9k\u00e9ben megfordult a szerb, az olasz \u00e9s az orosz fronton is.<br \/>\nA vil\u00e1gh\u00e1bor\u00fa v\u00e9g\u00e9n, 1918-ban r\u00e9szt vett a MOVE (Magyar Orsz\u00e1gos V\u00e9der\u0151 Egylet) megalap\u00edt\u00e1s\u00e1ban, \u00edgy k\u00e9nytelen volt k\u00e9s\u0151bb B\u00e9csbe emigr\u00e1lni.<br \/>\nVisszat\u00e9r\u00e9s\u00e9t k\u00f6vet\u0151en ker\u00fcltek el\u0151t\u00e9rbe politikai \u00e9s \u00fajs\u00e1g\u00edr\u00f3i amb\u00edci\u00f3i, \u00edgy egyebek mellett a Sz\u00f3zat c. nacionalista, fajv\u00e9d\u0151 lap, majd a Vit\u00e9z, a Magyars\u00e1g \u00e9s az El\u0151\u0151rs c\u00edm\u0171 lapok f\u0151szerkeszt\u0151je lett. 1922-t\u0151l k\u00e9pvisel\u0151 lett, majd 1923-ban G\u00f6mb\u00f6s Gyul\u00e1val kar\u00f6ltve megalap\u00edtott\u00e1k a Magyar Nemzeti F\u00fcggetlens\u00e9gi P\u00e1rtot (Fajv\u00e9d\u0151 P\u00e1rtot). 1930-ban m\u00e1r a Nemzeti Radik\u00e1lis P\u00e1rt egyik vezet\u0151je volt \u00e9s \u00fajabb \u00fajs\u00e1gok szerkeszt\u00e9s\u00e9be kezdett, \u00edgy a Szabads\u00e1g \u00e9s a F\u00fcggetlen Magyarorsz\u00e1g c\u00edm\u0171 hetilap f\u0151szerkeszt\u0151je is volt. A II. vil\u00e1gh\u00e1bor\u00fa idej\u00e9n egyre tudatosabban helyezkedett a n\u00e1ciellenes oldalra, \u00edgy t\u00f6bb t\u00fcntet\u00e9snek is f\u0151szervez\u0151je volt. T\u00f6bbsz\u00f6r is elfogt\u00e1k, de 1944-november\u00e9ben az \u0151 eln\u00f6klet\u00e9vel alakult meg a Magyar Nemzeti Felkel\u00e9s Felszabad\u00edt\u00f3 Bizotts\u00e1ga, mely legf\u0151bb feladat\u00e1nak a fegyveres felkel\u00e9s megszervez\u00e9s\u00e9t \u00e9s a szovjet csapatokkal egy\u00fcttm\u0171k\u00f6dve az orsz\u00e1g felszabad\u00edt\u00e1s\u00e1t tartotta\u00a0 A nyilasok \u00e1rul\u00e1snak tartott\u00e1k tett\u00e9t \u00e9s a Bizotts\u00e1g egy\u00e9b tagjai mellett \u0151t is letart\u00f3ztatt\u00e1k, majd a sopronk\u0151hidai fegyh\u00e1zba sz\u00e1ll\u00edtott\u00e1k, ahol 1944. december 24-\u00e9n felakasztott\u00e1k. B\u00e1r a kommunista id\u0151szakban el\u0151szeretettel hivatkoztak r\u00e1, val\u00f3j\u00e1ban azonban nem kommunista volt, csup\u00e1n igyekezett az adott t\u00f6rt\u00e9nelmi k\u00f6r\u00fclm\u00e9nyek k\u00f6z\u00f6tt a nemzet f\u00fcggetlens\u00e9ge \u00e9s a fajv\u00e9delem mellett ki\u00e1llni.<\/p>\n<p align=\"justify\">Ez az \u00fatvonal a v\u00e1ci orsz\u00e1g\u00fat r\u00e9szek\u00e9nt mindig is kiemelked\u0151 forgalommal rendelkezett. Amikor azt\u00e1n a XIX. sz\u00e1zadban elkezdtek a v\u00e1rosszerkezet \u00e1talak\u00edt\u00e1s\u00e1n gondolkozni, adotts\u00e1gnak tekintett\u00e9k l\u00e9t\u00e9t, nem pr\u00f3b\u00e1lt\u00e1k meg \u00e1thelyezni, megsz\u00fcntetni, ink\u00e1bb belevett\u00e9k a leend\u0151 k\u00f6r\u00fati rendszerbe, a bels\u0151 k\u00f6r\u00fat r\u00e9szek\u00e9nt. A neve is ezt t\u00fckr\u00f6zte: V\u00e1czi k\u00f6r\u00fat.<\/p>\n<p align=\"justify\">A Bajcsy-Zsilinszky \u00fat \u2013 \u00e9s \u201ejogel\u0151djei\u201d \u2013 jelent\u0151s szerepet t\u00f6lt\u00f6tt be Budapest k\u00f6zleked\u00e9s\u00e9ben. M\u00e1r 1866-ban j\u00e1rt az \u00faton l\u00f3vas\u00fat, mely az akkor m\u00e9g Sz\u00e9na t\u00e9rnek nevezett K\u00e1lvin t\u00e9rr\u0151l \u00dajpestre k\u00f6zlekedett.<\/p>\n<p align=\"justify\"><img decoding=\"async\" title=\"Nyugati t\u00e9ri meg\u00e1ll\u00f3\" src=\"http:\/\/www.acsurgay.hu\/wp-content\/uploads\/2019\/10\/helytortenet4-acsurgay.jpg\" alt=\"Nyugati teri megallo\" align=\"left\" border=\"0\" hspace=\"10\" vspace=\"7\" \/>Az \u00faton a pesti villamosh\u00e1l\u00f3zat kialak\u00edt\u00e1s\u00e1nak kezdet\u00e9t\u0151l j\u00e1rtak villamosok, hiszen a\u00a0<strong>BKVT<\/strong>(Budapesti K\u00f6z\u00fati Vasp\u00e1lya T\u00e1rsas\u00e1g) m\u00e1r\u00a0<strong>1896-ban villamos\u00edtotta a p\u00e1ly\u00e1t<\/strong>. Kezdetben a Nyugati p\u00e1lyaudvar \u00e9s Mad\u00e1ch t\u00e9r k\u00f6z\u00f6tti szakaszon, majd 1897-t\u0151l m\u00e1r a F\u0151v\u00e1m t\u00e9rig \u201ej\u00e1rtak a tuj\u00e1k\u201d.<\/p>\n<p align=\"justify\">Az \u00fatvonal fontoss\u00e1g\u00e1t mutatja, hogy az\u00a0<strong>1900-as \u00e9vekben tizenegy (!) villamosj\u00e1rat<\/strong>ment v\u00e9gig az \u00faton. Az 1-es, a 3-as, a 7-es, a 9-es, a 11-es, a 15-\u00f6s, a 17-es, a 39-es, a 41-es, az 57-es \u00e9s a 61-es villamos is a Bajcsy-Zsilinszky \u00faton j\u00e1rtak. Az \u00fatvonalon \u2013 \u00e9rdekes fekv\u00e9s\u00e9nek k\u00f6sz\u00f6nhet\u0151en \u2013 egyszerre k\u00f6zlekedtek sugaras (kifut\u00f3) \u00e9s k\u00f6rforgalmi (belter\u00fcleti) viszonylatok.<\/p>\n<p align=\"justify\"><img decoding=\"async\" title=\"Alkotm\u00e1ny \u00fati meg\u00e1ll\u00f3\" src=\"http:\/\/www.acsurgay.hu\/wp-content\/uploads\/2019\/10\/helytortenet5-acsurgay.jpg\" alt=\"Alkotmany uti megallo\" align=\"right\" border=\"0\" hspace=\"10\" vspace=\"5\" \/><\/p>\n<p align=\"justify\">Az\u00a0<strong>1930-as \u00e9vek k\u00f6zep\u00e9t\u0151l<\/strong>\u00a0azonban m\u00e1r csak\u00a0<strong>h\u00e1rom-n\u00e9gy j\u00e1rat<\/strong>\u00a0(5-\u00f6s, 11-es, 49-es, majd szinte egym\u00e1st v\u00e1ltva az 52-es, 53-as \u00e9s a 47-es) k\u00f6zlekedett itt. Az M3 metr\u00f3vonal De\u00e1k t\u00e9r \u2013 Nagyv\u00e1rad t\u00e9r szakasz\u00e1nak \u00e1tad\u00e1sa (<strong>1976<\/strong>) ut\u00e1n az 52-es viszonylat megsz\u0171nt, maradt a k\u00e9t hagyom\u00e1nyos kisk\u00f6r\u00fati viszonylat: a\u00a0<strong>47-es \u00e9s a 49-es<\/strong>.<\/p>\n<p align=\"justify\">1977. szeptember 16-t\u00f3l a villamosok m\u00e1r csak az Alkotm\u00e1ny utc\u00e1ig j\u00e1rtak be, elkezd\u0151d\u00f6tt ugyanis a Marx t\u00e9r felt\u00far\u00e1sa metr\u00f3-, illetve alul-, majd fel\u00fclj\u00e1r\u00f3\u00e9p\u00edt\u00e9si c\u00e9lzattal. V\u00e9g\u00fcl a Marx t\u00e9ri (Nyugati t\u00e9ri) fel\u00fclj\u00e1r\u00f3 miatt\u00a0<strong>1980-ban v\u00e9gleg megsz\u00fcntett\u00e9k a villamosk\u00f6zleked\u00e9st<\/strong>. Az \u00fat az\u00f3ta a felsz\u00ednen t\u00f6bb s\u00e1vos eloszt\u00e1sban igen nagy g\u00e9pkocsiforgalmat bonyol\u00edt le.<\/p>\n<p align=\"justify\">\u00a0<strong>Forr\u00e1s<\/strong><strong>ok<\/strong><br \/>\n\u2022\u00a0Budapest lexikon I. (A\u2013K). F\u0151szerk. Berza L\u00e1szl\u00f3. 2. b\u0151v\u00edtett kiad\u00e1s. Budapest: Akad\u00e9miai. 1993, 103\u2013104. o.<br \/>\n\u2022\u00a0Magyar \u00c9letrajzi Lexikon 1000-1990 \u2013\u00a0<a href=\"http:\/\/web.archive.org\/web\/20140815063113\/http:\/\/mek.niif.hu\/00300\/00355\/html\/index.html\">http:\/\/mek.niif.hu\/00300\/00355\/html\/index.html<\/a><br \/>\n\u2022\u00a0Budapest elveszett s\u00ednei \u2013\u00a0<a href=\"http:\/\/web.archive.org\/web\/20140815063113\/http:\/\/hampage.hu\/kozlekedes\/bajcsy\/index.html\">http:\/\/hampage.hu\/kozlekedes\/bajcsy\/index.html<\/a><br \/>\n\u2022\u00a0<a href=\"http:\/\/web.archive.org\/web\/20140815063113\/http:\/\/hu.wikipedia.org\/wiki\/Bajcsy-Zsilinszky_%C3%BAt_(Budapest\">http:\/\/hu.wikipedia.org\/wiki\/Bajcsy-Zsilinszky_%C3%BAt_(Budapest<\/a>)<br \/>\n\u2022\u00a0<a href=\"http:\/\/web.archive.org\/web\/20140815063113\/http:\/\/hu.wikipedia.org\/wiki\/Bajcsy-Zsilinszky_Endre\">http:\/\/hu.wikipedia.org\/wiki\/Bajcsy-Zsilinszky_Endre<\/a><br \/>\n\u2022\u00a0Szenes B\u00e9la: Hogy is van az az Einstein-f\u00e9le relativit\u00e1s? \u2013 K\u00e1v\u00e9h\u00e1zi besz\u00e9lget\u00e9s<br \/>\n\u2022\u00a0R\u00e9ti \u00d6d\u00f6n: A Vilmos cs\u00e1sz\u00e1r-\u00faton<\/p>\n","protected":false},"excerpt":{"rendered":"<p>A mai Bajcsy-Zsilinszky \u00fat \u201eel\u0151dje\u201d\u00a01700-ban\u00a0ny\u00edlt meg,\u00a0Waitzner-Strasse (V\u00e1ci \u00fat) n\u00e9ven. A R\u00e9vay utca \u00e9s a Nyugati t\u00e9r k\u00f6z\u00f6tti szakaszon\u00a0Orsz\u00e1g\u00fat\u00a0megnevez\u00e9sre hallgatott. Az\u00a01850-es \u00e9vekben\u00a0a Szent Istv\u00e1n t\u00e9r \u00e9s a De\u00e1k Ferenc t\u00e9r k\u00f6z\u00f6tt, b\u00e9csi mint\u00e1ra\u00a0Kohl Markt, azaz K\u00e1poszta piack\u00e9nt\u00a0volt ismert (A Kohlmarkt egyebekben ma is B\u00e9cs egyik legeleg\u00e1nsabb s\u00e9t\u00e1l\u00f3utc\u00e1ja.), m\u00edg\u00a01879-t\u0151l\u00a0k\u00e9t r\u00e9szre osztott\u00e1k \u00e9s a Berlini t\u00e9ren t\u00fali r\u00e9szt\u00a0V\u00e1ci [&hellip;]<\/p>\n","protected":false},"author":1,"featured_media":0,"parent":0,"menu_order":0,"comment_status":"closed","ping_status":"closed","template":"","meta":{"footnotes":""},"class_list":["post-48","page","type-page","status-publish","hentry"],"translation":{"provider":"WPGlobus","version":"3.0.2","language":"en","enabled_languages":["hu","en"],"languages":{"hu":{"title":true,"content":true,"excerpt":false},"en":{"title":false,"content":false,"excerpt":false}}},"yoast_head":"<!-- This site is optimized with the Yoast SEO plugin v27.8 - https:\/\/yoast.com\/product\/yoast-seo-wordpress\/ -->\n<title>HELYT\u00d6RT\u00c9NET - CSURGAY LAW OFFICE<\/title>\n<meta name=\"robots\" content=\"index, follow, max-snippet:-1, max-image-preview:large, max-video-preview:-1\" \/>\n<link rel=\"canonical\" href=\"https:\/\/www.acsurgay.hu\/helytortenet\/\" \/>\n<meta property=\"og:locale\" content=\"en_US\" \/>\n<meta property=\"og:type\" content=\"article\" \/>\n<meta property=\"og:title\" content=\"HELYT\u00d6RT\u00c9NET - CSURGAY LAW OFFICE\" \/>\n<meta property=\"og:url\" content=\"https:\/\/www.acsurgay.hu\/helytortenet\/\" \/>\n<meta property=\"og:site_name\" content=\"CSURGAY LAW OFFICE\" \/>\n<meta property=\"article:publisher\" content=\"https:\/\/www.facebook.com\/csurgayugyvediiroda\/\" \/>\n<meta property=\"article:modified_time\" content=\"2019-10-24T03:26:29+00:00\" \/>\n<meta property=\"og:image\" content=\"http:\/\/www.acsurgay.hu\/wp-content\/uploads\/2019\/10\/helytortenet1-acsurgay.jpg\" \/>\n<meta name=\"twitter:card\" content=\"summary_large_image\" \/>\n<meta name=\"twitter:label1\" content=\"Est. reading time\" \/>\n\t<meta name=\"twitter:data1\" content=\"12 minutes\" \/>\n<script type=\"application\/ld+json\" class=\"yoast-schema-graph\">{\"@context\":\"https:\\\/\\\/schema.org\",\"@graph\":[{\"@type\":\"WebPage\",\"@id\":\"https:\\\/\\\/www.acsurgay.hu\\\/helytortenet\\\/\",\"url\":\"https:\\\/\\\/www.acsurgay.hu\\\/helytortenet\\\/\",\"name\":\"HELYT\u00d6RT\u00c9NET - CSURGAY LAW OFFICE\",\"isPartOf\":{\"@id\":\"https:\\\/\\\/www.acsurgay.hu\\\/#website\"},\"primaryImageOfPage\":{\"@id\":\"https:\\\/\\\/www.acsurgay.hu\\\/helytortenet\\\/#primaryimage\"},\"image\":{\"@id\":\"https:\\\/\\\/www.acsurgay.hu\\\/helytortenet\\\/#primaryimage\"},\"thumbnailUrl\":\"http:\\\/\\\/www.acsurgay.hu\\\/wp-content\\\/uploads\\\/2019\\\/10\\\/helytortenet1-acsurgay.jpg\",\"datePublished\":\"2015-09-07T10:28:21+00:00\",\"dateModified\":\"2019-10-24T03:26:29+00:00\",\"breadcrumb\":{\"@id\":\"https:\\\/\\\/www.acsurgay.hu\\\/helytortenet\\\/#breadcrumb\"},\"inLanguage\":\"en-US\",\"potentialAction\":[{\"@type\":\"ReadAction\",\"target\":[\"https:\\\/\\\/www.acsurgay.hu\\\/helytortenet\\\/\"]}]},{\"@type\":\"ImageObject\",\"inLanguage\":\"en-US\",\"@id\":\"https:\\\/\\\/www.acsurgay.hu\\\/helytortenet\\\/#primaryimage\",\"url\":\"http:\\\/\\\/www.acsurgay.hu\\\/wp-content\\\/uploads\\\/2019\\\/10\\\/helytortenet1-acsurgay.jpg\",\"contentUrl\":\"http:\\\/\\\/www.acsurgay.hu\\\/wp-content\\\/uploads\\\/2019\\\/10\\\/helytortenet1-acsurgay.jpg\"},{\"@type\":\"BreadcrumbList\",\"@id\":\"https:\\\/\\\/www.acsurgay.hu\\\/helytortenet\\\/#breadcrumb\",\"itemListElement\":[{\"@type\":\"ListItem\",\"position\":1,\"name\":\"Kezd\u0151lap\",\"item\":\"https:\\\/\\\/www.acsurgay.hu\\\/\"},{\"@type\":\"ListItem\",\"position\":2,\"name\":\"HELYT\u00d6RT\u00c9NET\"}]},{\"@type\":\"WebSite\",\"@id\":\"https:\\\/\\\/www.acsurgay.hu\\\/#website\",\"url\":\"https:\\\/\\\/www.acsurgay.hu\\\/\",\"name\":\"CSURGAY LAW OFFICE\",\"description\":\"\",\"publisher\":{\"@id\":\"https:\\\/\\\/www.acsurgay.hu\\\/#organization\"},\"potentialAction\":[{\"@type\":\"SearchAction\",\"target\":{\"@type\":\"EntryPoint\",\"urlTemplate\":\"https:\\\/\\\/www.acsurgay.hu\\\/?s={search_term_string}\"},\"query-input\":{\"@type\":\"PropertyValueSpecification\",\"valueRequired\":true,\"valueName\":\"search_term_string\"}}],\"inLanguage\":\"en-US\"},{\"@type\":\"Organization\",\"@id\":\"https:\\\/\\\/www.acsurgay.hu\\\/#organization\",\"name\":\"CSURGAY \u00dcGYV\u00c9DI IRODA\",\"url\":\"https:\\\/\\\/www.acsurgay.hu\\\/\",\"logo\":{\"@type\":\"ImageObject\",\"inLanguage\":\"en-US\",\"@id\":\"https:\\\/\\\/www.acsurgay.hu\\\/#\\\/schema\\\/logo\\\/image\\\/\",\"url\":\"https:\\\/\\\/www.acsurgay.hu\\\/wp-content\\\/uploads\\\/2015\\\/09\\\/csufi-web-logo5-tltsz-httr_kk_kicsi.png\",\"contentUrl\":\"https:\\\/\\\/www.acsurgay.hu\\\/wp-content\\\/uploads\\\/2015\\\/09\\\/csufi-web-logo5-tltsz-httr_kk_kicsi.png\",\"width\":213,\"height\":138,\"caption\":\"CSURGAY \u00dcGYV\u00c9DI IRODA\"},\"image\":{\"@id\":\"https:\\\/\\\/www.acsurgay.hu\\\/#\\\/schema\\\/logo\\\/image\\\/\"},\"sameAs\":[\"https:\\\/\\\/www.facebook.com\\\/csurgayugyvediiroda\\\/\"]}]}<\/script>\n<!-- \/ Yoast SEO plugin. -->","yoast_head_json":{"title":"HELYT\u00d6RT\u00c9NET - CSURGAY LAW OFFICE","robots":{"index":"index","follow":"follow","max-snippet":"max-snippet:-1","max-image-preview":"max-image-preview:large","max-video-preview":"max-video-preview:-1"},"canonical":"https:\/\/www.acsurgay.hu\/helytortenet\/","og_locale":"en_US","og_type":"article","og_title":"HELYT\u00d6RT\u00c9NET - CSURGAY LAW OFFICE","og_url":"https:\/\/www.acsurgay.hu\/helytortenet\/","og_site_name":"CSURGAY LAW OFFICE","article_publisher":"https:\/\/www.facebook.com\/csurgayugyvediiroda\/","article_modified_time":"2019-10-24T03:26:29+00:00","og_image":[{"url":"http:\/\/www.acsurgay.hu\/wp-content\/uploads\/2019\/10\/helytortenet1-acsurgay.jpg","type":"","width":"","height":""}],"twitter_card":"summary_large_image","twitter_misc":{"Est. reading time":"12 minutes"},"schema":{"@context":"https:\/\/schema.org","@graph":[{"@type":"WebPage","@id":"https:\/\/www.acsurgay.hu\/helytortenet\/","url":"https:\/\/www.acsurgay.hu\/helytortenet\/","name":"HELYT\u00d6RT\u00c9NET - CSURGAY LAW OFFICE","isPartOf":{"@id":"https:\/\/www.acsurgay.hu\/#website"},"primaryImageOfPage":{"@id":"https:\/\/www.acsurgay.hu\/helytortenet\/#primaryimage"},"image":{"@id":"https:\/\/www.acsurgay.hu\/helytortenet\/#primaryimage"},"thumbnailUrl":"http:\/\/www.acsurgay.hu\/wp-content\/uploads\/2019\/10\/helytortenet1-acsurgay.jpg","datePublished":"2015-09-07T10:28:21+00:00","dateModified":"2019-10-24T03:26:29+00:00","breadcrumb":{"@id":"https:\/\/www.acsurgay.hu\/helytortenet\/#breadcrumb"},"inLanguage":"en-US","potentialAction":[{"@type":"ReadAction","target":["https:\/\/www.acsurgay.hu\/helytortenet\/"]}]},{"@type":"ImageObject","inLanguage":"en-US","@id":"https:\/\/www.acsurgay.hu\/helytortenet\/#primaryimage","url":"http:\/\/www.acsurgay.hu\/wp-content\/uploads\/2019\/10\/helytortenet1-acsurgay.jpg","contentUrl":"http:\/\/www.acsurgay.hu\/wp-content\/uploads\/2019\/10\/helytortenet1-acsurgay.jpg"},{"@type":"BreadcrumbList","@id":"https:\/\/www.acsurgay.hu\/helytortenet\/#breadcrumb","itemListElement":[{"@type":"ListItem","position":1,"name":"Kezd\u0151lap","item":"https:\/\/www.acsurgay.hu\/"},{"@type":"ListItem","position":2,"name":"HELYT\u00d6RT\u00c9NET"}]},{"@type":"WebSite","@id":"https:\/\/www.acsurgay.hu\/#website","url":"https:\/\/www.acsurgay.hu\/","name":"CSURGAY LAW OFFICE","description":"","publisher":{"@id":"https:\/\/www.acsurgay.hu\/#organization"},"potentialAction":[{"@type":"SearchAction","target":{"@type":"EntryPoint","urlTemplate":"https:\/\/www.acsurgay.hu\/?s={search_term_string}"},"query-input":{"@type":"PropertyValueSpecification","valueRequired":true,"valueName":"search_term_string"}}],"inLanguage":"en-US"},{"@type":"Organization","@id":"https:\/\/www.acsurgay.hu\/#organization","name":"CSURGAY \u00dcGYV\u00c9DI IRODA","url":"https:\/\/www.acsurgay.hu\/","logo":{"@type":"ImageObject","inLanguage":"en-US","@id":"https:\/\/www.acsurgay.hu\/#\/schema\/logo\/image\/","url":"https:\/\/www.acsurgay.hu\/wp-content\/uploads\/2015\/09\/csufi-web-logo5-tltsz-httr_kk_kicsi.png","contentUrl":"https:\/\/www.acsurgay.hu\/wp-content\/uploads\/2015\/09\/csufi-web-logo5-tltsz-httr_kk_kicsi.png","width":213,"height":138,"caption":"CSURGAY \u00dcGYV\u00c9DI IRODA"},"image":{"@id":"https:\/\/www.acsurgay.hu\/#\/schema\/logo\/image\/"},"sameAs":["https:\/\/www.facebook.com\/csurgayugyvediiroda\/"]}]}},"_links":{"self":[{"href":"https:\/\/www.acsurgay.hu\/en\/wp-json\/wp\/v2\/pages\/48","targetHints":{"allow":["GET"]}}],"collection":[{"href":"https:\/\/www.acsurgay.hu\/en\/wp-json\/wp\/v2\/pages"}],"about":[{"href":"https:\/\/www.acsurgay.hu\/en\/wp-json\/wp\/v2\/types\/page"}],"author":[{"embeddable":true,"href":"https:\/\/www.acsurgay.hu\/en\/wp-json\/wp\/v2\/users\/1"}],"replies":[{"embeddable":true,"href":"https:\/\/www.acsurgay.hu\/en\/wp-json\/wp\/v2\/comments?post=48"}],"version-history":[{"count":4,"href":"https:\/\/www.acsurgay.hu\/en\/wp-json\/wp\/v2\/pages\/48\/revisions"}],"predecessor-version":[{"id":496,"href":"https:\/\/www.acsurgay.hu\/en\/wp-json\/wp\/v2\/pages\/48\/revisions\/496"}],"wp:attachment":[{"href":"https:\/\/www.acsurgay.hu\/en\/wp-json\/wp\/v2\/media?parent=48"}],"curies":[{"name":"wp","href":"https:\/\/api.w.org\/{rel}","templated":true}]}}